{"id":1708,"date":"2022-03-21T11:32:56","date_gmt":"2022-03-21T10:32:56","guid":{"rendered":"https:\/\/mascasascruilles.cat\/?page_id=1708"},"modified":"2024-07-12T10:48:58","modified_gmt":"2024-07-12T08:48:58","slug":"taller-sabo-enfeltrat","status":"publish","type":"page","link":"https:\/\/mascasascruilles.cat\/en\/taller-sabo-enfeltrat\/","title":{"rendered":"Felted soap workshop"},"content":{"rendered":"\n<p><style>\/*! elementor - v3.7.7 - 20-09-2022 *\/<br \/>\n.elementor-heading-title{padding:0;margin:0;line-height:1}.elementor-widget-heading .elementor-heading-title[class*=elementor-size-]>a{color:inherit;font-size:inherit;line-height:inherit}.elementor-widget-heading .elementor-heading-title.elementor-size-small{font-size:15px}.elementor-widget-heading .elementor-heading-title.elementor-size-medium{font-size:19px}.elementor-widget-heading .elementor-heading-title.elementor-size-large{font-size:29px}.elementor-widget-heading .elementor-heading-title.elementor-size-xl{font-size:39px}.elementor-widget-heading .elementor-heading-title.elementor-size-xxl{font-size:59px}<\/style><\/p>\n\n\n<style>.wp-block-kadence-advancedheading.kt-adv-heading_8668a6-e8, .wp-block-kadence-advancedheading.kt-adv-heading_8668a6-e8[data-kb-block=\"kb-adv-heading_8668a6-e8\"]{margin-bottom:var(--global-kb-spacing-sm, 1.5rem);text-align:center;font-style:normal;}.wp-block-kadence-advancedheading.kt-adv-heading_8668a6-e8 mark.kt-highlight, .wp-block-kadence-advancedheading.kt-adv-heading_8668a6-e8[data-kb-block=\"kb-adv-heading_8668a6-e8\"] mark.kt-highlight{font-style:normal;color:#f76a0c;-webkit-box-decoration-break:clone;box-decoration-break:clone;padding-top:0px;padding-right:0px;padding-bottom:0px;padding-left:0px;}.wp-block-kadence-advancedheading.kt-adv-heading_8668a6-e8 img.kb-inline-image, .wp-block-kadence-advancedheading.kt-adv-heading_8668a6-e8[data-kb-block=\"kb-adv-heading_8668a6-e8\"] img.kb-inline-image{width:150px;vertical-align:baseline;}<\/style>\n<h2 class=\"kt-adv-heading_8668a6-e8 wp-block-kadence-advancedheading\" data-kb-block=\"kb-adv-heading_8668a6-e8\">TALLER DE LLANA &#8211; SAB\u00d3 ENFELTRAT<style>\/*! elementor - v3.7.7 - 20-09-2022 *\/&amp;lt;br \/> .elementor-widget-image{text-align:center}.elementor-widget-image a{display:inline-block}.elementor-widget-image a img[src$=\".svg\"]{width:48px}.elementor-widget-image img{vertical-align:middle;display:inline-block}<\/style><\/h2>\n\n\n\n<figure class=\"wp-block-image\"><img decoding=\"async\" src=\"https:\/\/mascasascruilles.cat\/wp-content\/uploads\/2022\/03\/@MasCasasCruilles-taller-sabo-mans-infants-horitzontal-1024x819.jpg\" alt=\"\"\/><\/figure>\n\n\n\n<p><strong>Elabora la teva pr\u00f2pia esponja fent un sab\u00f3 enfeltrat amb llana d&#8217;ovella!<\/strong><\/p>\n\n\n\n<p>Despr\u00e9s d&#8217;una breu descripci\u00f3 del projecte familiar, comen\u00e7arem l&#8217;experi\u00e8ncia visitant els xais per tocar la seva llana. L&#8217;activitat continuar\u00e0 amb una explicaci\u00f3 sobre la llana i petites demostracions per aprendre com es pot treballar perqu\u00e8 tingui diferents textures, per finalment descobrir quins usos li podem donar actualment.<\/p>\n\n\n\n<p>A continuaci\u00f3, el taller consistir\u00e0 en la elaboraci\u00f3 d&#8217;un producte de llana, natural i de residu cero: una esponja fent sab\u00f3 enfeltrat de llana que us endureu a casa vostra.<\/p>\n\n\n\n<p>Aquest taller a la granja de Mas Casas, a Cru\u00eflles, \u00e9s una manera d&#8217;aprendre sobre les propietats, els beneficis i els usos d&#8217;una fibra natural, local i sostenible que cal posar en valor.<\/p>\n\n\n\n<p>Abans o despr\u00e9s del torn de visita, podreu gaudir de l&#8217;espai d&#8217;oci i degustaci\u00f3 de productes.<\/p>\n\n\n\n<ul class=\"wp-block-list\">\n<li>15\u20ac per participant.<\/li>\n\n\n\n<li>Activitat en catal\u00e0, castell\u00e0, angl\u00e8s i\/o franc\u00e8s.<\/li>\n\n\n\n<li>No s\u2019admeten animals de companyia a la finca, excepte els gossos pigall.<\/li>\n\n\n\n<li>Possibilitat d\u2019organitzar l&#8217;experi\u00e8ncia altres dies no programats amb un m\u00ednim de 4 persones<\/li>\n<\/ul>\n","protected":false},"excerpt":{"rendered":"<p>WOOL WORKSHOP \u2013 FELT SOAP Make your own sponge by making a sheep wool felted soap! After a brief description of the family project, we will begin the experience by visiting the lambs to touch their wool. The activity will continue with an explanation about wool and small demonstrations to learn how to work so that it has different\u2026<\/p>","protected":false},"author":3,"featured_media":0,"parent":0,"menu_order":27,"comment_status":"closed","ping_status":"closed","template":"","meta":{"_kad_blocks_custom_css":"","_kad_blocks_head_custom_js":"","_kad_blocks_body_custom_js":"","_kad_blocks_footer_custom_js":"","_kadence_starter_templates_imported_post":false,"_kad_post_transparent":"","_kad_post_title":"","_kad_post_layout":"","_kad_post_sidebar_id":"","_kad_post_content_style":"","_kad_post_vertical_padding":"","_kad_post_feature":"","_kad_post_feature_position":"","_kad_post_header":false,"_kad_post_footer":false,"_kad_post_classname":"","footnotes":""},"class_list":["post-1708","page","type-page","status-publish","hentry"],"yoast_head":"<!-- This site is optimized with the Yoast SEO plugin v27.5 - https:\/\/yoast.com\/product\/yoast-seo-wordpress\/ -->\n<title>Taller sab\u00f3 enfeltrat - Mas Casas Cru\u00eflles<\/title>\n<meta name=\"robots\" content=\"index, follow, max-snippet:-1, max-image-preview:large, max-video-preview:-1\" \/>\n<link rel=\"canonical\" href=\"https:\/\/mascasascruilles.cat\/en\/taller-sabo-enfeltrat\/\" \/>\n<meta property=\"og:locale\" content=\"en_GB\" \/>\n<meta property=\"og:type\" content=\"article\" \/>\n<meta property=\"og:title\" content=\"Taller sab\u00f3 enfeltrat - Mas Casas Cru\u00eflles\" \/>\n<meta property=\"og:description\" content=\"TALLER DE LLANA &#8211; SAB\u00d3 ENFELTRAT Elabora la teva pr\u00f2pia esponja fent un sab\u00f3 enfeltrat amb llana d&#8217;ovella! Despr\u00e9s d&#8217;una breu descripci\u00f3 del projecte familiar, comen\u00e7arem l&#8217;experi\u00e8ncia visitant els xais per tocar la seva llana. L&#8217;activitat continuar\u00e0 amb una explicaci\u00f3 sobre la llana i petites demostracions per aprendre com es pot treballar perqu\u00e8 tingui diferents...\" \/>\n<meta property=\"og:url\" content=\"https:\/\/mascasascruilles.cat\/en\/taller-sabo-enfeltrat\/\" \/>\n<meta property=\"og:site_name\" content=\"Mas Casas Cru\u00eflles\" \/>\n<meta property=\"article:modified_time\" content=\"2024-07-12T08:48:58+00:00\" \/>\n<meta property=\"og:image\" content=\"https:\/\/mascasascruilles.cat\/wp-content\/uploads\/2022\/03\/@MasCasasCruilles-taller-sabo-mans-infants-horitzontal-1024x819.jpg\" \/>\n<meta name=\"twitter:card\" content=\"summary_large_image\" \/>\n<meta name=\"twitter:label1\" content=\"Estimated reading time\" \/>\n\t<meta name=\"twitter:data1\" content=\"1 minute\" \/>\n<script type=\"application\/ld+json\" class=\"yoast-schema-graph\">{\"@context\":\"https:\\\/\\\/schema.org\",\"@graph\":[{\"@type\":\"WebPage\",\"@id\":\"https:\\\/\\\/mascasascruilles.cat\\\/taller-sabo-enfeltrat\\\/\",\"url\":\"https:\\\/\\\/mascasascruilles.cat\\\/taller-sabo-enfeltrat\\\/\",\"name\":\"Taller sab\u00f3 enfeltrat - Mas Casas Cru\u00eflles\",\"isPartOf\":{\"@id\":\"https:\\\/\\\/mascasascruilles.cat\\\/#website\"},\"primaryImageOfPage\":{\"@id\":\"https:\\\/\\\/mascasascruilles.cat\\\/taller-sabo-enfeltrat\\\/#primaryimage\"},\"image\":{\"@id\":\"https:\\\/\\\/mascasascruilles.cat\\\/taller-sabo-enfeltrat\\\/#primaryimage\"},\"thumbnailUrl\":\"https:\\\/\\\/mascasascruilles.cat\\\/wp-content\\\/uploads\\\/2022\\\/03\\\/@MasCasasCruilles-taller-sabo-mans-infants-horitzontal-1024x819.jpg\",\"datePublished\":\"2022-03-21T10:32:56+00:00\",\"dateModified\":\"2024-07-12T08:48:58+00:00\",\"breadcrumb\":{\"@id\":\"https:\\\/\\\/mascasascruilles.cat\\\/taller-sabo-enfeltrat\\\/#breadcrumb\"},\"inLanguage\":\"en-GB\",\"potentialAction\":[{\"@type\":\"ReadAction\",\"target\":[\"https:\\\/\\\/mascasascruilles.cat\\\/taller-sabo-enfeltrat\\\/\"]}]},{\"@type\":\"ImageObject\",\"inLanguage\":\"en-GB\",\"@id\":\"https:\\\/\\\/mascasascruilles.cat\\\/taller-sabo-enfeltrat\\\/#primaryimage\",\"url\":\"https:\\\/\\\/mascasascruilles.cat\\\/wp-content\\\/uploads\\\/2022\\\/03\\\/@MasCasasCruilles-taller-sabo-mans-infants-horitzontal-1024x819.jpg\",\"contentUrl\":\"https:\\\/\\\/mascasascruilles.cat\\\/wp-content\\\/uploads\\\/2022\\\/03\\\/@MasCasasCruilles-taller-sabo-mans-infants-horitzontal-1024x819.jpg\"},{\"@type\":\"BreadcrumbList\",\"@id\":\"https:\\\/\\\/mascasascruilles.cat\\\/taller-sabo-enfeltrat\\\/#breadcrumb\",\"itemListElement\":[{\"@type\":\"ListItem\",\"position\":1,\"name\":\"Inici\",\"item\":\"https:\\\/\\\/mascasascruilles.cat\\\/\"},{\"@type\":\"ListItem\",\"position\":2,\"name\":\"Taller sab\u00f3 enfeltrat\"}]},{\"@type\":\"WebSite\",\"@id\":\"https:\\\/\\\/mascasascruilles.cat\\\/#website\",\"url\":\"https:\\\/\\\/mascasascruilles.cat\\\/\",\"name\":\"Mas Casas Cru\u00eflles\",\"description\":\"Granja familiar amb ovelles a Empord\u00e0\",\"publisher\":{\"@id\":\"https:\\\/\\\/mascasascruilles.cat\\\/#organization\"},\"potentialAction\":[{\"@type\":\"SearchAction\",\"target\":{\"@type\":\"EntryPoint\",\"urlTemplate\":\"https:\\\/\\\/mascasascruilles.cat\\\/?s={search_term_string}\"},\"query-input\":{\"@type\":\"PropertyValueSpecification\",\"valueRequired\":true,\"valueName\":\"search_term_string\"}}],\"inLanguage\":\"en-GB\"},{\"@type\":\"Organization\",\"@id\":\"https:\\\/\\\/mascasascruilles.cat\\\/#organization\",\"name\":\"Mas Casas Cru\u00eflles\",\"url\":\"https:\\\/\\\/mascasascruilles.cat\\\/\",\"logo\":{\"@type\":\"ImageObject\",\"inLanguage\":\"en-GB\",\"@id\":\"https:\\\/\\\/mascasascruilles.cat\\\/#\\\/schema\\\/logo\\\/image\\\/\",\"url\":\"https:\\\/\\\/mascasascruilles.cat\\\/wp-content\\\/uploads\\\/2022\\\/02\\\/cropped-logo_mascasas_negre.jpg\",\"contentUrl\":\"https:\\\/\\\/mascasascruilles.cat\\\/wp-content\\\/uploads\\\/2022\\\/02\\\/cropped-logo_mascasas_negre.jpg\",\"width\":756,\"height\":756,\"caption\":\"Mas Casas Cru\u00eflles\"},\"image\":{\"@id\":\"https:\\\/\\\/mascasascruilles.cat\\\/#\\\/schema\\\/logo\\\/image\\\/\"}}]}<\/script>\n<!-- \/ Yoast SEO plugin. -->","yoast_head_json":{"title":"Taller sab\u00f3 enfeltrat - Mas Casas Cru\u00eflles","robots":{"index":"index","follow":"follow","max-snippet":"max-snippet:-1","max-image-preview":"max-image-preview:large","max-video-preview":"max-video-preview:-1"},"canonical":"https:\/\/mascasascruilles.cat\/en\/taller-sabo-enfeltrat\/","og_locale":"en_GB","og_type":"article","og_title":"Taller sab\u00f3 enfeltrat - Mas Casas Cru\u00eflles","og_description":"TALLER DE LLANA &#8211; SAB\u00d3 ENFELTRAT Elabora la teva pr\u00f2pia esponja fent un sab\u00f3 enfeltrat amb llana d&#8217;ovella! Despr\u00e9s d&#8217;una breu descripci\u00f3 del projecte familiar, comen\u00e7arem l&#8217;experi\u00e8ncia visitant els xais per tocar la seva llana. L&#8217;activitat continuar\u00e0 amb una explicaci\u00f3 sobre la llana i petites demostracions per aprendre com es pot treballar perqu\u00e8 tingui diferents...","og_url":"https:\/\/mascasascruilles.cat\/en\/taller-sabo-enfeltrat\/","og_site_name":"Mas Casas Cru\u00eflles","article_modified_time":"2024-07-12T08:48:58+00:00","og_image":[{"url":"https:\/\/mascasascruilles.cat\/wp-content\/uploads\/2022\/03\/@MasCasasCruilles-taller-sabo-mans-infants-horitzontal-1024x819.jpg","type":"","width":"","height":""}],"twitter_card":"summary_large_image","twitter_misc":{"Estimated reading time":"1 minute"},"schema":{"@context":"https:\/\/schema.org","@graph":[{"@type":"WebPage","@id":"https:\/\/mascasascruilles.cat\/taller-sabo-enfeltrat\/","url":"https:\/\/mascasascruilles.cat\/taller-sabo-enfeltrat\/","name":"Taller sab\u00f3 enfeltrat - Mas Casas Cru\u00eflles","isPartOf":{"@id":"https:\/\/mascasascruilles.cat\/#website"},"primaryImageOfPage":{"@id":"https:\/\/mascasascruilles.cat\/taller-sabo-enfeltrat\/#primaryimage"},"image":{"@id":"https:\/\/mascasascruilles.cat\/taller-sabo-enfeltrat\/#primaryimage"},"thumbnailUrl":"https:\/\/mascasascruilles.cat\/wp-content\/uploads\/2022\/03\/@MasCasasCruilles-taller-sabo-mans-infants-horitzontal-1024x819.jpg","datePublished":"2022-03-21T10:32:56+00:00","dateModified":"2024-07-12T08:48:58+00:00","breadcrumb":{"@id":"https:\/\/mascasascruilles.cat\/taller-sabo-enfeltrat\/#breadcrumb"},"inLanguage":"en-GB","potentialAction":[{"@type":"ReadAction","target":["https:\/\/mascasascruilles.cat\/taller-sabo-enfeltrat\/"]}]},{"@type":"ImageObject","inLanguage":"en-GB","@id":"https:\/\/mascasascruilles.cat\/taller-sabo-enfeltrat\/#primaryimage","url":"https:\/\/mascasascruilles.cat\/wp-content\/uploads\/2022\/03\/@MasCasasCruilles-taller-sabo-mans-infants-horitzontal-1024x819.jpg","contentUrl":"https:\/\/mascasascruilles.cat\/wp-content\/uploads\/2022\/03\/@MasCasasCruilles-taller-sabo-mans-infants-horitzontal-1024x819.jpg"},{"@type":"BreadcrumbList","@id":"https:\/\/mascasascruilles.cat\/taller-sabo-enfeltrat\/#breadcrumb","itemListElement":[{"@type":"ListItem","position":1,"name":"Inici","item":"https:\/\/mascasascruilles.cat\/"},{"@type":"ListItem","position":2,"name":"Taller sab\u00f3 enfeltrat"}]},{"@type":"WebSite","@id":"https:\/\/mascasascruilles.cat\/#website","url":"https:\/\/mascasascruilles.cat\/","name":"Mas Casas Cru\u00eflles","description":"Family farm with sheep in Empord\u00e0","publisher":{"@id":"https:\/\/mascasascruilles.cat\/#organization"},"potentialAction":[{"@type":"SearchAction","target":{"@type":"EntryPoint","urlTemplate":"https:\/\/mascasascruilles.cat\/?s={search_term_string}"},"query-input":{"@type":"PropertyValueSpecification","valueRequired":true,"valueName":"search_term_string"}}],"inLanguage":"en-GB"},{"@type":"Organization","@id":"https:\/\/mascasascruilles.cat\/#organization","name":"Mas Casas Cru\u00eflles","url":"https:\/\/mascasascruilles.cat\/","logo":{"@type":"ImageObject","inLanguage":"en-GB","@id":"https:\/\/mascasascruilles.cat\/#\/schema\/logo\/image\/","url":"https:\/\/mascasascruilles.cat\/wp-content\/uploads\/2022\/02\/cropped-logo_mascasas_negre.jpg","contentUrl":"https:\/\/mascasascruilles.cat\/wp-content\/uploads\/2022\/02\/cropped-logo_mascasas_negre.jpg","width":756,"height":756,"caption":"Mas Casas Cru\u00eflles"},"image":{"@id":"https:\/\/mascasascruilles.cat\/#\/schema\/logo\/image\/"}}]}},"taxonomy_info":[],"featured_image_src_large":false,"author_info":{"display_name":"mascasascruilles","author_link":"https:\/\/mascasascruilles.cat\/en\/author\/mascasascruilles\/"},"comment_info":0,"_links":{"self":[{"href":"https:\/\/mascasascruilles.cat\/en\/wp-json\/wp\/v2\/pages\/1708","targetHints":{"allow":["GET"]}}],"collection":[{"href":"https:\/\/mascasascruilles.cat\/en\/wp-json\/wp\/v2\/pages"}],"about":[{"href":"https:\/\/mascasascruilles.cat\/en\/wp-json\/wp\/v2\/types\/page"}],"author":[{"embeddable":true,"href":"https:\/\/mascasascruilles.cat\/en\/wp-json\/wp\/v2\/users\/3"}],"replies":[{"embeddable":true,"href":"https:\/\/mascasascruilles.cat\/en\/wp-json\/wp\/v2\/comments?post=1708"}],"version-history":[{"count":0,"href":"https:\/\/mascasascruilles.cat\/en\/wp-json\/wp\/v2\/pages\/1708\/revisions"}],"wp:attachment":[{"href":"https:\/\/mascasascruilles.cat\/en\/wp-json\/wp\/v2\/media?parent=1708"}],"curies":[{"name":"wp","href":"https:\/\/api.w.org\/{rel}","templated":true}]}}