{"id":2293,"date":"2022-11-03T21:03:51","date_gmt":"2022-11-03T20:03:51","guid":{"rendered":"https:\/\/mascasascruilles.cat\/?post_type=product&#038;p=2293"},"modified":"2022-11-13T11:23:40","modified_gmt":"2022-11-13T10:23:40","slug":"concert-cello-ramon-bassal-13-11-2022","status":"publish","type":"product","link":"https:\/\/mascasascruilles.cat\/es\/producto\/concert-cello-ramon-bassal-13-11-2022\/","title":{"rendered":"Concierto de violonchelo Ramon Bassal \u2013 13\/11\/2022"},"content":{"rendered":"<div class=\"elementor-element elementor-element-6b7f72d elementor-widget elementor-widget-text-editor\" data-id=\"6b7f72d\" data-element_type=\"widget\" data-widget_type=\"text-editor.default\">\n<div class=\"elementor-widget-container\">\n<p><strong>Concierto de Cello Ramon Bassal en la granja Mas Casas de Cru\u00eflles<\/strong><\/p>\n<\/div>\n<\/div>\n<div class=\"elementor-element elementor-element-3aa48bf7 elementor-widget elementor-widget-text-editor\" data-id=\"3aa48bf7\" data-element_type=\"widget\" data-widget_type=\"text-editor.default\">\n<div class=\"elementor-widget-container\">\n<p>Ramon Bassal ha actuado en festivales y salas de concierto como el Festival de Seoripul de Corea del Sur, el Palacio de la M\u00fasica Catalana, el \u201cGuimaraes European Capital of Culture\u201d, el Muziekgebouw de \u00c1msterdam, el Auditorio de Girona, el Teatro de la Filarm\u00f3nica de Oviedo, etc.<br \/>\nRamon Bassal se inici\u00f3 en el violonchelo con su padre, Josep Bassal y m\u00e1s adelante cursa los grados superiores en la Hochschule f\u00fcr Musik Basel, la Schola Cantorum Basiliensis, el Conservatorio de \u00c1msterdam y la Academia Metropolitana de Lisboa con los profesores Thomas Demenga , Quirine Viersen, Petr Skalka, Mick Stirling y Paulo Gaio Lima.<\/p>\n<p>Concierto ben\u00e9fico de 45 minutos para ayudar a sustituir los tejados de la granja da\u00f1ados por el impacto de la hist\u00f3rica granizada de la zona de la Bisbal de Empord\u00e0 del pasado 30 de agosto de 2022.<\/p>\n<p><strong>Programa<\/strong><\/p>\n<p>Johann Sebastian Bach<\/p>\n<p>Suite num. 1 en Sol mayor, BWV 1007<\/p>\n<p>I. Preludo<br \/>\nII. Allemande<br \/>\nIll. Courante<br \/>\nIV. Sarabande<br \/>\nV. Menuet I \u2013 Menuet II<br \/>\nVI. Gigue<\/p>\n<p>Suite num. 2 en re menor, BWV 1008 Johann Sebastian Bach<\/p>\n<p>I. Preludo<br \/>\nII. Allemande<br \/>\nIll. Courante<br \/>\nIV. Sarabande<br \/>\nV. Menuet I \u2013 Menuet II<br \/>\nVI. Gigue<\/p>\n<\/div>\n<\/div>","protected":false},"excerpt":{"rendered":"<p><strong>Concierto de Cello Ramon Bassal en la granja Mas Casas de Cru\u00eflles<\/strong><\/p>\n<p>Concierto ben\u00e9fico para ayudar a sustituir los tejados de la granja da\u00f1ados por el impacto de la hist\u00f3rica granizada de la zona de la Bisbal d&#039;Empord\u00e0 del pasado 30 de agosto de 2022.<\/p>","protected":false},"featured_media":2294,"template":"","meta":{"_kad_blocks_custom_css":"","_kad_blocks_head_custom_js":"","_kad_blocks_body_custom_js":"","_kad_blocks_footer_custom_js":"","_kadence_starter_templates_imported_post":false,"_kad_post_transparent":"","_kad_post_title":"","_kad_post_layout":"","_kad_post_sidebar_id":"","_kad_post_content_style":"","_kad_post_vertical_padding":"","_kad_post_feature":"","_kad_post_feature_position":"","_kad_post_header":false,"_kad_post_footer":false,"_kad_post_classname":""},"product_brand":[],"product_cat":[27],"product_tag":[],"class_list":{"0":"post-2293","1":"product","2":"type-product","3":"status-publish","4":"has-post-thumbnail","6":"product_cat-experiencies","8":"first","9":"instock","10":"virtual","11":"taxable","12":"product-type-ticket-event","13":"entry","14":"content-bg","15":"loop-entry"},"yoast_head":"<!-- This site is optimized with the Yoast SEO plugin v27.5 - https:\/\/yoast.com\/product\/yoast-seo-wordpress\/ -->\n<title>Concert de cello Ramon Bassal - 13\/11\/2022 - Mas Casas Cru\u00eflles<\/title>\n<meta name=\"robots\" content=\"index, follow, max-snippet:-1, max-image-preview:large, max-video-preview:-1\" \/>\n<link rel=\"canonical\" href=\"https:\/\/mascasascruilles.cat\/es\/producto\/concert-cello-ramon-bassal-13-11-2022\/\" \/>\n<meta property=\"og:locale\" content=\"es_ES\" \/>\n<meta property=\"og:type\" content=\"article\" \/>\n<meta property=\"og:title\" content=\"Concert de cello Ramon Bassal - 13\/11\/2022 - Mas Casas Cru\u00eflles\" \/>\n<meta property=\"og:description\" content=\"Concert de Cello Ramon Bassal a la granja Mas Casas de Cru\u00eflles  Concert ben\u00e8fic per ajudar a substituir els teulats de la granja malmesos per l&#039;impacte de la hist\u00f2rica pedregada de la zona de la Bisbal d&#039;Empord\u00e0 del passat 30 d&#039;agost de 2022.\" \/>\n<meta property=\"og:url\" content=\"https:\/\/mascasascruilles.cat\/es\/producto\/concert-cello-ramon-bassal-13-11-2022\/\" \/>\n<meta property=\"og:site_name\" content=\"Mas Casas Cru\u00eflles\" \/>\n<meta property=\"article:modified_time\" content=\"2022-11-13T10:23:40+00:00\" \/>\n<meta property=\"og:image\" content=\"https:\/\/mascasascruilles.cat\/wp-content\/uploads\/2022\/11\/@MasCasasCruilles-Ramon-Bassal-interior-granja-rotated-e1667545046798.jpg\" \/>\n\t<meta property=\"og:image:width\" content=\"1000\" \/>\n\t<meta property=\"og:image:height\" content=\"1000\" \/>\n\t<meta property=\"og:image:type\" content=\"image\/jpeg\" \/>\n<meta name=\"twitter:card\" content=\"summary_large_image\" \/>\n<meta name=\"twitter:label1\" content=\"Tiempo de lectura\" \/>\n\t<meta name=\"twitter:data1\" content=\"1 minuto\" \/>\n<script type=\"application\/ld+json\" class=\"yoast-schema-graph\">{\"@context\":\"https:\\\/\\\/schema.org\",\"@graph\":[{\"@type\":\"WebPage\",\"@id\":\"https:\\\/\\\/mascasascruilles.cat\\\/producte\\\/concert-cello-ramon-bassal-13-11-2022\\\/\",\"url\":\"https:\\\/\\\/mascasascruilles.cat\\\/producte\\\/concert-cello-ramon-bassal-13-11-2022\\\/\",\"name\":\"Concert de cello Ramon Bassal - 13\\\/11\\\/2022 - Mas Casas Cru\u00eflles\",\"isPartOf\":{\"@id\":\"https:\\\/\\\/mascasascruilles.cat\\\/#website\"},\"primaryImageOfPage\":{\"@id\":\"https:\\\/\\\/mascasascruilles.cat\\\/producte\\\/concert-cello-ramon-bassal-13-11-2022\\\/#primaryimage\"},\"image\":{\"@id\":\"https:\\\/\\\/mascasascruilles.cat\\\/producte\\\/concert-cello-ramon-bassal-13-11-2022\\\/#primaryimage\"},\"thumbnailUrl\":\"https:\\\/\\\/mascasascruilles.cat\\\/wp-content\\\/uploads\\\/2022\\\/11\\\/@MasCasasCruilles-Ramon-Bassal-interior-granja-rotated-e1667545046798.jpg\",\"datePublished\":\"2022-11-03T20:03:51+00:00\",\"dateModified\":\"2022-11-13T10:23:40+00:00\",\"breadcrumb\":{\"@id\":\"https:\\\/\\\/mascasascruilles.cat\\\/producte\\\/concert-cello-ramon-bassal-13-11-2022\\\/#breadcrumb\"},\"inLanguage\":\"es\",\"potentialAction\":[{\"@type\":\"ReadAction\",\"target\":[\"https:\\\/\\\/mascasascruilles.cat\\\/producte\\\/concert-cello-ramon-bassal-13-11-2022\\\/\"]}]},{\"@type\":\"ImageObject\",\"inLanguage\":\"es\",\"@id\":\"https:\\\/\\\/mascasascruilles.cat\\\/producte\\\/concert-cello-ramon-bassal-13-11-2022\\\/#primaryimage\",\"url\":\"https:\\\/\\\/mascasascruilles.cat\\\/wp-content\\\/uploads\\\/2022\\\/11\\\/@MasCasasCruilles-Ramon-Bassal-interior-granja-rotated-e1667545046798.jpg\",\"contentUrl\":\"https:\\\/\\\/mascasascruilles.cat\\\/wp-content\\\/uploads\\\/2022\\\/11\\\/@MasCasasCruilles-Ramon-Bassal-interior-granja-rotated-e1667545046798.jpg\",\"width\":1000,\"height\":1000},{\"@type\":\"BreadcrumbList\",\"@id\":\"https:\\\/\\\/mascasascruilles.cat\\\/producte\\\/concert-cello-ramon-bassal-13-11-2022\\\/#breadcrumb\",\"itemListElement\":[{\"@type\":\"ListItem\",\"position\":1,\"name\":\"Inici\",\"item\":\"https:\\\/\\\/mascasascruilles.cat\\\/\"},{\"@type\":\"ListItem\",\"position\":2,\"name\":\"Botiga\",\"item\":\"https:\\\/\\\/mascasascruilles.cat\\\/botiga\\\/\"},{\"@type\":\"ListItem\",\"position\":3,\"name\":\"Concert de cello Ramon Bassal &#8211; 13\\\/11\\\/2022\"}]},{\"@type\":\"WebSite\",\"@id\":\"https:\\\/\\\/mascasascruilles.cat\\\/#website\",\"url\":\"https:\\\/\\\/mascasascruilles.cat\\\/\",\"name\":\"Mas Casas Cru\u00eflles\",\"description\":\"Granja familiar amb ovelles a Empord\u00e0\",\"publisher\":{\"@id\":\"https:\\\/\\\/mascasascruilles.cat\\\/#organization\"},\"potentialAction\":[{\"@type\":\"SearchAction\",\"target\":{\"@type\":\"EntryPoint\",\"urlTemplate\":\"https:\\\/\\\/mascasascruilles.cat\\\/?s={search_term_string}\"},\"query-input\":{\"@type\":\"PropertyValueSpecification\",\"valueRequired\":true,\"valueName\":\"search_term_string\"}}],\"inLanguage\":\"es\"},{\"@type\":\"Organization\",\"@id\":\"https:\\\/\\\/mascasascruilles.cat\\\/#organization\",\"name\":\"Mas Casas Cru\u00eflles\",\"url\":\"https:\\\/\\\/mascasascruilles.cat\\\/\",\"logo\":{\"@type\":\"ImageObject\",\"inLanguage\":\"es\",\"@id\":\"https:\\\/\\\/mascasascruilles.cat\\\/#\\\/schema\\\/logo\\\/image\\\/\",\"url\":\"https:\\\/\\\/mascasascruilles.cat\\\/wp-content\\\/uploads\\\/2022\\\/02\\\/cropped-logo_mascasas_negre.jpg\",\"contentUrl\":\"https:\\\/\\\/mascasascruilles.cat\\\/wp-content\\\/uploads\\\/2022\\\/02\\\/cropped-logo_mascasas_negre.jpg\",\"width\":756,\"height\":756,\"caption\":\"Mas Casas Cru\u00eflles\"},\"image\":{\"@id\":\"https:\\\/\\\/mascasascruilles.cat\\\/#\\\/schema\\\/logo\\\/image\\\/\"}}]}<\/script>\n<!-- \/ Yoast SEO plugin. -->","yoast_head_json":{"title":"Concert de cello Ramon Bassal - 13\/11\/2022 - Mas Casas Cru\u00eflles","robots":{"index":"index","follow":"follow","max-snippet":"max-snippet:-1","max-image-preview":"max-image-preview:large","max-video-preview":"max-video-preview:-1"},"canonical":"https:\/\/mascasascruilles.cat\/es\/producto\/concert-cello-ramon-bassal-13-11-2022\/","og_locale":"es_ES","og_type":"article","og_title":"Concert de cello Ramon Bassal - 13\/11\/2022 - Mas Casas Cru\u00eflles","og_description":"Concert de Cello Ramon Bassal a la granja Mas Casas de Cru\u00eflles  Concert ben\u00e8fic per ajudar a substituir els teulats de la granja malmesos per l'impacte de la hist\u00f2rica pedregada de la zona de la Bisbal d'Empord\u00e0 del passat 30 d'agost de 2022.","og_url":"https:\/\/mascasascruilles.cat\/es\/producto\/concert-cello-ramon-bassal-13-11-2022\/","og_site_name":"Mas Casas Cru\u00eflles","article_modified_time":"2022-11-13T10:23:40+00:00","og_image":[{"width":1000,"height":1000,"url":"https:\/\/mascasascruilles.cat\/wp-content\/uploads\/2022\/11\/@MasCasasCruilles-Ramon-Bassal-interior-granja-rotated-e1667545046798.jpg","type":"image\/jpeg"}],"twitter_card":"summary_large_image","twitter_misc":{"Tiempo de lectura":"1 minuto"},"schema":{"@context":"https:\/\/schema.org","@graph":[{"@type":"WebPage","@id":"https:\/\/mascasascruilles.cat\/producte\/concert-cello-ramon-bassal-13-11-2022\/","url":"https:\/\/mascasascruilles.cat\/producte\/concert-cello-ramon-bassal-13-11-2022\/","name":"Concert de cello Ramon Bassal - 13\/11\/2022 - Mas Casas Cru\u00eflles","isPartOf":{"@id":"https:\/\/mascasascruilles.cat\/#website"},"primaryImageOfPage":{"@id":"https:\/\/mascasascruilles.cat\/producte\/concert-cello-ramon-bassal-13-11-2022\/#primaryimage"},"image":{"@id":"https:\/\/mascasascruilles.cat\/producte\/concert-cello-ramon-bassal-13-11-2022\/#primaryimage"},"thumbnailUrl":"https:\/\/mascasascruilles.cat\/wp-content\/uploads\/2022\/11\/@MasCasasCruilles-Ramon-Bassal-interior-granja-rotated-e1667545046798.jpg","datePublished":"2022-11-03T20:03:51+00:00","dateModified":"2022-11-13T10:23:40+00:00","breadcrumb":{"@id":"https:\/\/mascasascruilles.cat\/producte\/concert-cello-ramon-bassal-13-11-2022\/#breadcrumb"},"inLanguage":"es","potentialAction":[{"@type":"ReadAction","target":["https:\/\/mascasascruilles.cat\/producte\/concert-cello-ramon-bassal-13-11-2022\/"]}]},{"@type":"ImageObject","inLanguage":"es","@id":"https:\/\/mascasascruilles.cat\/producte\/concert-cello-ramon-bassal-13-11-2022\/#primaryimage","url":"https:\/\/mascasascruilles.cat\/wp-content\/uploads\/2022\/11\/@MasCasasCruilles-Ramon-Bassal-interior-granja-rotated-e1667545046798.jpg","contentUrl":"https:\/\/mascasascruilles.cat\/wp-content\/uploads\/2022\/11\/@MasCasasCruilles-Ramon-Bassal-interior-granja-rotated-e1667545046798.jpg","width":1000,"height":1000},{"@type":"BreadcrumbList","@id":"https:\/\/mascasascruilles.cat\/producte\/concert-cello-ramon-bassal-13-11-2022\/#breadcrumb","itemListElement":[{"@type":"ListItem","position":1,"name":"Inici","item":"https:\/\/mascasascruilles.cat\/"},{"@type":"ListItem","position":2,"name":"Botiga","item":"https:\/\/mascasascruilles.cat\/botiga\/"},{"@type":"ListItem","position":3,"name":"Concert de cello Ramon Bassal &#8211; 13\/11\/2022"}]},{"@type":"WebSite","@id":"https:\/\/mascasascruilles.cat\/#website","url":"https:\/\/mascasascruilles.cat\/","name":"Mas Casas Cru\u00eflles","description":"Granja familiar con ovejas en Empord\u00e0","publisher":{"@id":"https:\/\/mascasascruilles.cat\/#organization"},"potentialAction":[{"@type":"SearchAction","target":{"@type":"EntryPoint","urlTemplate":"https:\/\/mascasascruilles.cat\/?s={search_term_string}"},"query-input":{"@type":"PropertyValueSpecification","valueRequired":true,"valueName":"search_term_string"}}],"inLanguage":"es"},{"@type":"Organization","@id":"https:\/\/mascasascruilles.cat\/#organization","name":"Mas Casas Cru\u00eflles","url":"https:\/\/mascasascruilles.cat\/","logo":{"@type":"ImageObject","inLanguage":"es","@id":"https:\/\/mascasascruilles.cat\/#\/schema\/logo\/image\/","url":"https:\/\/mascasascruilles.cat\/wp-content\/uploads\/2022\/02\/cropped-logo_mascasas_negre.jpg","contentUrl":"https:\/\/mascasascruilles.cat\/wp-content\/uploads\/2022\/02\/cropped-logo_mascasas_negre.jpg","width":756,"height":756,"caption":"Mas Casas Cru\u00eflles"},"image":{"@id":"https:\/\/mascasascruilles.cat\/#\/schema\/logo\/image\/"}}]}},"taxonomy_info":{"product_cat":[{"value":27,"label":"Experi\u00e8ncies"}]},"featured_image_src_large":["https:\/\/mascasascruilles.cat\/wp-content\/uploads\/2022\/11\/@MasCasasCruilles-Ramon-Bassal-interior-granja-rotated-e1667545046798.jpg",1000,1000,false],"author_info":[],"comment_info":"","_links":{"self":[{"href":"https:\/\/mascasascruilles.cat\/es\/wp-json\/wp\/v2\/product\/2293","targetHints":{"allow":["GET"]}}],"collection":[{"href":"https:\/\/mascasascruilles.cat\/es\/wp-json\/wp\/v2\/product"}],"about":[{"href":"https:\/\/mascasascruilles.cat\/es\/wp-json\/wp\/v2\/types\/product"}],"wp:featuredmedia":[{"embeddable":true,"href":"https:\/\/mascasascruilles.cat\/es\/wp-json\/wp\/v2\/media\/2294"}],"wp:attachment":[{"href":"https:\/\/mascasascruilles.cat\/es\/wp-json\/wp\/v2\/media?parent=2293"}],"wp:term":[{"taxonomy":"product_brand","embeddable":true,"href":"https:\/\/mascasascruilles.cat\/es\/wp-json\/wp\/v2\/product_brand?post=2293"},{"taxonomy":"product_cat","embeddable":true,"href":"https:\/\/mascasascruilles.cat\/es\/wp-json\/wp\/v2\/product_cat?post=2293"},{"taxonomy":"product_tag","embeddable":true,"href":"https:\/\/mascasascruilles.cat\/es\/wp-json\/wp\/v2\/product_tag?post=2293"}],"curies":[{"name":"wp","href":"https:\/\/api.w.org\/{rel}","templated":true}]}}